{"id":9,"date":"2013-05-21T19:57:31","date_gmt":"2013-05-21T17:57:31","guid":{"rendered":"http:\/\/deportesycomunicacion.com\/?page_id=9"},"modified":"2026-03-10T16:25:14","modified_gmt":"2026-03-10T15:25:14","slug":"por-que-deportes-y-comunicacion","status":"publish","type":"page","link":"https:\/\/deportesycomunicacion.com\/?page_id=9","title":{"rendered":"\u00bfPOR QU\u00c9 DEPORTES Y COMUNICACI\u00d3N?"},"content":{"rendered":"<h3 style=\"text-align: justify;\"><strong>El deporte es la vida misma<\/strong><\/h3>\n<p style=\"text-align: justify;\"><a href=\"http:\/\/deportesycomunicacion.com\/wp-content\/uploads\/2013\/05\/02.12.10-Sony-035-e1404981816729.jpg\"><img loading=\"lazy\" decoding=\"async\" class=\"alignleft wp-image-24 size-thumbnail\" src=\"http:\/\/deportesycomunicacion.com\/wp-content\/uploads\/2013\/05\/02.12.10-Sony-035-150x150.jpg\" alt=\"\" width=\"150\" height=\"150\" \/><\/a>Es la persecuci\u00f3n de un sue\u00f1o, ilusi\u00f3n, visi\u00f3n de futuro, exprimir el momento, pasi\u00f3n, emoci\u00f3n, constancia, tenacidad\u2026 Es un mundo en el que tienes que tomar parte y la neutralidad no existe: h\u00e9roes luchan contra\u00a0villanos, personajes casi desahuciados buscan su redenci\u00f3n e incluso estrellas rutilantes pueden caer en el submundo de los proscritos\u2026 Llevo desde los seis a\u00f1os a\u00f1os batallando en este mundo, 27 luchando en equipo (f\u00fatbol y baloncesto) y 7 batallando en solitario (carreras populares, maratones, triatlones, duatlones, aquatlones, traves\u00edas a nado, carreras de monta\u00f1a). Y tras infinidad de horas de entrenamiento y centenares de partidos de competici\u00f3n he llegado a una conclusi\u00f3n: el deporte es la vida misma.<\/p>\n<p>&nbsp;<\/p>\n<h3><strong>No hay\u00a0vida sin comunicaci\u00f3n<\/strong><\/h3>\n<p style=\"text-align: justify;\">Tras 17 a\u00f1os dedicado profesionalmente al mundo de la publicidad y las relaciones p\u00fablicas he comprobado que dentro de las empresas hay miradas que te fulminan, que mensajes dados de forma parcial te puede hundir en la miseria y que una palabra de \u00e1nimo en el momento adecuado lanzar\u00e1 tu ego directo a la estratosfera. Nuestros gestos, acciones, palabras y silencios nos hacen interaccionar constantemente con los dem\u00e1s. Incluso no comunicarse es una acci\u00f3n de comunicaci\u00f3n en s\u00ed misma.<\/p>\n<h3 style=\"text-align: justify;\"><strong>Ivan Ferrer<\/strong><\/h3>\n<p style=\"text-align: justify;\">Soy\u00a0<a title=\"Perfil Linkedin Ivan Ferrer\" href=\"http:\/\/www.linkedin.com\/in\/ivanferrer76\" target=\"_blank\"><strong>Ivan Ferrer<\/strong><\/a>. Soy un apasionado del mundo de la comunicaci\u00f3n en general y del deporte en particular. Soy experto en comunicaci\u00f3n y gesti\u00f3n de equipos. Creo firmemente en el trabajo en equipo, en la capacidad de todos los integrantes de un grupo para hacer realidad la ecuaci\u00f3n m\u00e1gica de 3+3=7. Creo que cualquier proyecto es posible, basado en el orden y la constancia, aderezado con unas gotas de honestidad y talento.<\/p>\n<p style=\"text-align: justify;\"><strong>\u00bfTe atreves a jugar?<\/strong><\/p>\n<h3 style=\"text-align: left;\"><strong>Mi compromiso en deportes y comunicaci\u00f3n<\/strong><\/h3>\n<p><a href=\"http:\/\/deportesycomunicacion.com\/wp-content\/uploads\/2013\/06\/Arbitro.jpg\"><img loading=\"lazy\" decoding=\"async\" class=\"alignleft size-thumbnail wp-image-207\" src=\"http:\/\/deportesycomunicacion.com\/wp-content\/uploads\/2013\/06\/Arbitro-150x150.jpg\" alt=\"Copa Libertadores de America 2011 | Pe\u00f1arol - Santos |\" width=\"150\" height=\"150\" srcset=\"https:\/\/deportesycomunicacion.com\/wp-content\/uploads\/2013\/06\/Arbitro-150x150.jpg 150w, https:\/\/deportesycomunicacion.com\/wp-content\/uploads\/2013\/06\/Arbitro-56x56.jpg 56w, https:\/\/deportesycomunicacion.com\/wp-content\/uploads\/2013\/06\/Arbitro-50x50.jpg 50w\" sizes=\"auto, (max-width: 150px) 100vw, 150px\" \/><\/a>Usar\u00e9 el ciberespacio para hablar de mis dos pasiones,\u00a0<strong style=\"font-weight: bold;\">el deporte y la comunicaci\u00f3n<\/strong>.<\/p>\n<p>Tratar\u00e9 situaciones de clubes, deportistas, instituciones, aficionados&#8230; que pueden aplicarse perfectamente a nuestro d\u00eda a d\u00eda laboral. Porqu\u00e9 como yo sostengo, el deporte es la vida misma.<\/p>\n<p>Mi objetivo es\u00a0<strong style=\"font-weight: bold;\">generar debate<\/strong>\u00a0y estar\u00e9 encantado de que particip\u00e9is con vuestras opiniones y comentarios, que propong\u00e1is nuevos temas o critiqu\u00e9is lo que no os gusta.<\/p>\n<p>Y seguir\u00e9 una de las m\u00e1ximas del deporte,\u00a0<strong style=\"font-weight: bold;\">el respeto por el adversario<\/strong>. Aqu\u00ed no hay lugar para los insultos, ni comentarios sexistas o racistas. Habr\u00e1\u00a0<strong style=\"font-weight: bold;\">tarjeta roja a qui\u00e9n no respete las reglas<\/strong>.<\/p>\n<p>Y ahora, \u00a1a jugar! Que empieza el partido&#8230;<\/p>\n<p>photo credit:\u00a0<a style=\"color: #21759b;\" href=\"http:\/\/www.flickr.com\/photos\/jikatu\/5846893181\/\">jikatu<\/a>\u00a0via\u00a0<a style=\"color: #21759b;\" href=\"http:\/\/photopin.com\">photopin<\/a>\u00a0<a style=\"color: #21759b;\" href=\"http:\/\/creativecommons.org\/licenses\/by-sa\/2.0\/\">cc<\/a><\/p>\n","protected":false},"excerpt":{"rendered":"<p>El deporte es la vida misma Es la persecuci\u00f3n de un sue\u00f1o, ilusi\u00f3n, visi\u00f3n de futuro, &hellip; <a title=\"\u00bfPOR QU\u00c9 DEPORTES Y COMUNICACI\u00d3N?\" class=\"hm-read-more\" href=\"https:\/\/deportesycomunicacion.com\/?page_id=9\"><span class=\"screen-reader-text\">\u00bfPOR QU\u00c9 DEPORTES Y COMUNICACI\u00d3N?<\/span>Leer m\u00e1s<\/a><\/p>\n","protected":false},"author":2,"featured_media":0,"parent":0,"menu_order":1,"comment_status":"closed","ping_status":"open","template":"","meta":{"footnotes":""},"class_list":["post-9","page","type-page","status-publish","hentry"],"yoast_head":"<!-- This site is optimized with the Yoast SEO plugin v24.8.1 - https:\/\/yoast.com\/wordpress\/plugins\/seo\/ -->\n<title>Comunicaci\u00f3n y deporte, unidos<\/title>\n<meta name=\"description\" content=\"Porque el deporte es la vida misma. Porque no hay vida sin comunicaci\u00f3n. Porque soy Ivan Ferrer. Por todo ello la comunicaci\u00f3n te ayudar\u00e1 a ser m\u00e1s eficaz.\" \/>\n<meta name=\"robots\" content=\"index, follow, max-snippet:-1, max-image-preview:large, max-video-preview:-1\" \/>\n<link rel=\"canonical\" href=\"https:\/\/deportesycomunicacion.com\/?page_id=9\" \/>\n<meta property=\"og:locale\" content=\"es_ES\" \/>\n<meta property=\"og:type\" content=\"article\" \/>\n<meta property=\"og:title\" content=\"Comunicaci\u00f3n y deporte, unidos\" \/>\n<meta property=\"og:description\" content=\"Porque el deporte es la vida misma. Porque no hay vida sin comunicaci\u00f3n. Porque soy Ivan Ferrer. Por todo ello la comunicaci\u00f3n te ayudar\u00e1 a ser m\u00e1s eficaz.\" \/>\n<meta property=\"og:url\" content=\"https:\/\/deportesycomunicacion.com\/?page_id=9\" \/>\n<meta property=\"og:site_name\" content=\"Deportes y Comunicaci\u00f3n\" \/>\n<meta property=\"article:publisher\" content=\"https:\/\/www.facebook.com\/ivan.ferrercayuela\" \/>\n<meta property=\"article:modified_time\" content=\"2026-03-10T15:25:14+00:00\" \/>\n<meta property=\"og:image\" content=\"https:\/\/deportesycomunicacion.com\/wp-content\/uploads\/2013\/05\/02.12.10-Sony-035-e1404981816729.jpg\" \/>\n\t<meta property=\"og:image:width\" content=\"1000\" \/>\n\t<meta property=\"og:image:height\" content=\"1507\" \/>\n\t<meta property=\"og:image:type\" content=\"image\/jpeg\" \/>\n<meta name=\"twitter:card\" content=\"summary_large_image\" \/>\n<meta name=\"twitter:site\" content=\"@IFC1976\" \/>\n<meta name=\"twitter:label1\" content=\"Tiempo de lectura\" \/>\n\t<meta name=\"twitter:data1\" content=\"2 minutos\" \/>\n<script type=\"application\/ld+json\" class=\"yoast-schema-graph\">{\"@context\":\"https:\/\/schema.org\",\"@graph\":[{\"@type\":\"WebPage\",\"@id\":\"https:\/\/deportesycomunicacion.com\/?page_id=9\",\"url\":\"https:\/\/deportesycomunicacion.com\/?page_id=9\",\"name\":\"Comunicaci\u00f3n y deporte, unidos\",\"isPartOf\":{\"@id\":\"https:\/\/deportesycomunicacion.com\/#website\"},\"primaryImageOfPage\":{\"@id\":\"https:\/\/deportesycomunicacion.com\/?page_id=9#primaryimage\"},\"image\":{\"@id\":\"https:\/\/deportesycomunicacion.com\/?page_id=9#primaryimage\"},\"thumbnailUrl\":\"http:\/\/deportesycomunicacion.com\/wp-content\/uploads\/2013\/05\/02.12.10-Sony-035-150x150.jpg\",\"datePublished\":\"2013-05-21T17:57:31+00:00\",\"dateModified\":\"2026-03-10T15:25:14+00:00\",\"description\":\"Porque el deporte es la vida misma. Porque no hay vida sin comunicaci\u00f3n. Porque soy Ivan Ferrer. Por todo ello la comunicaci\u00f3n te ayudar\u00e1 a ser m\u00e1s eficaz.\",\"breadcrumb\":{\"@id\":\"https:\/\/deportesycomunicacion.com\/?page_id=9#breadcrumb\"},\"inLanguage\":\"es\",\"potentialAction\":[{\"@type\":\"ReadAction\",\"target\":[\"https:\/\/deportesycomunicacion.com\/?page_id=9\"]}]},{\"@type\":\"ImageObject\",\"inLanguage\":\"es\",\"@id\":\"https:\/\/deportesycomunicacion.com\/?page_id=9#primaryimage\",\"url\":\"http:\/\/deportesycomunicacion.com\/wp-content\/uploads\/2013\/05\/02.12.10-Sony-035-150x150.jpg\",\"contentUrl\":\"http:\/\/deportesycomunicacion.com\/wp-content\/uploads\/2013\/05\/02.12.10-Sony-035-150x150.jpg\"},{\"@type\":\"BreadcrumbList\",\"@id\":\"https:\/\/deportesycomunicacion.com\/?page_id=9#breadcrumb\",\"itemListElement\":[{\"@type\":\"ListItem\",\"position\":1,\"name\":\"Portada\",\"item\":\"https:\/\/deportesycomunicacion.com\/\"},{\"@type\":\"ListItem\",\"position\":2,\"name\":\"\u00bfPOR QU\u00c9 DEPORTES Y COMUNICACI\u00d3N?\"}]},{\"@type\":\"WebSite\",\"@id\":\"https:\/\/deportesycomunicacion.com\/#website\",\"url\":\"https:\/\/deportesycomunicacion.com\/\",\"name\":\"Deportes y Comunicaci\u00f3n\",\"description\":\"Powered by Ivan Ferrer\",\"publisher\":{\"@id\":\"https:\/\/deportesycomunicacion.com\/#organization\"},\"potentialAction\":[{\"@type\":\"SearchAction\",\"target\":{\"@type\":\"EntryPoint\",\"urlTemplate\":\"https:\/\/deportesycomunicacion.com\/?s={search_term_string}\"},\"query-input\":{\"@type\":\"PropertyValueSpecification\",\"valueRequired\":true,\"valueName\":\"search_term_string\"}}],\"inLanguage\":\"es\"},{\"@type\":\"Organization\",\"@id\":\"https:\/\/deportesycomunicacion.com\/#organization\",\"name\":\"Deportes y Comunicaci\u00f3n\",\"url\":\"https:\/\/deportesycomunicacion.com\/\",\"logo\":{\"@type\":\"ImageObject\",\"inLanguage\":\"es\",\"@id\":\"https:\/\/deportesycomunicacion.com\/#\/schema\/logo\/image\/\",\"url\":\"https:\/\/deportesycomunicacion.com\/wp-content\/uploads\/2013\/05\/cropped-Logo-Deportes-Comunicacion.jpg\",\"contentUrl\":\"https:\/\/deportesycomunicacion.com\/wp-content\/uploads\/2013\/05\/cropped-Logo-Deportes-Comunicacion.jpg\",\"width\":300,\"height\":65,\"caption\":\"Deportes y Comunicaci\u00f3n\"},\"image\":{\"@id\":\"https:\/\/deportesycomunicacion.com\/#\/schema\/logo\/image\/\"},\"sameAs\":[\"https:\/\/www.facebook.com\/ivan.ferrercayuela\",\"https:\/\/x.com\/IFC1976\"]}]}<\/script>\n<!-- \/ Yoast SEO plugin. -->","yoast_head_json":{"title":"Comunicaci\u00f3n y deporte, unidos","description":"Porque el deporte es la vida misma. Porque no hay vida sin comunicaci\u00f3n. Porque soy Ivan Ferrer. Por todo ello la comunicaci\u00f3n te ayudar\u00e1 a ser m\u00e1s eficaz.","robots":{"index":"index","follow":"follow","max-snippet":"max-snippet:-1","max-image-preview":"max-image-preview:large","max-video-preview":"max-video-preview:-1"},"canonical":"https:\/\/deportesycomunicacion.com\/?page_id=9","og_locale":"es_ES","og_type":"article","og_title":"Comunicaci\u00f3n y deporte, unidos","og_description":"Porque el deporte es la vida misma. Porque no hay vida sin comunicaci\u00f3n. Porque soy Ivan Ferrer. Por todo ello la comunicaci\u00f3n te ayudar\u00e1 a ser m\u00e1s eficaz.","og_url":"https:\/\/deportesycomunicacion.com\/?page_id=9","og_site_name":"Deportes y Comunicaci\u00f3n","article_publisher":"https:\/\/www.facebook.com\/ivan.ferrercayuela","article_modified_time":"2026-03-10T15:25:14+00:00","og_image":[{"width":1000,"height":1507,"url":"https:\/\/deportesycomunicacion.com\/wp-content\/uploads\/2013\/05\/02.12.10-Sony-035-e1404981816729.jpg","type":"image\/jpeg"}],"twitter_card":"summary_large_image","twitter_site":"@IFC1976","twitter_misc":{"Tiempo de lectura":"2 minutos"},"schema":{"@context":"https:\/\/schema.org","@graph":[{"@type":"WebPage","@id":"https:\/\/deportesycomunicacion.com\/?page_id=9","url":"https:\/\/deportesycomunicacion.com\/?page_id=9","name":"Comunicaci\u00f3n y deporte, unidos","isPartOf":{"@id":"https:\/\/deportesycomunicacion.com\/#website"},"primaryImageOfPage":{"@id":"https:\/\/deportesycomunicacion.com\/?page_id=9#primaryimage"},"image":{"@id":"https:\/\/deportesycomunicacion.com\/?page_id=9#primaryimage"},"thumbnailUrl":"http:\/\/deportesycomunicacion.com\/wp-content\/uploads\/2013\/05\/02.12.10-Sony-035-150x150.jpg","datePublished":"2013-05-21T17:57:31+00:00","dateModified":"2026-03-10T15:25:14+00:00","description":"Porque el deporte es la vida misma. Porque no hay vida sin comunicaci\u00f3n. Porque soy Ivan Ferrer. Por todo ello la comunicaci\u00f3n te ayudar\u00e1 a ser m\u00e1s eficaz.","breadcrumb":{"@id":"https:\/\/deportesycomunicacion.com\/?page_id=9#breadcrumb"},"inLanguage":"es","potentialAction":[{"@type":"ReadAction","target":["https:\/\/deportesycomunicacion.com\/?page_id=9"]}]},{"@type":"ImageObject","inLanguage":"es","@id":"https:\/\/deportesycomunicacion.com\/?page_id=9#primaryimage","url":"http:\/\/deportesycomunicacion.com\/wp-content\/uploads\/2013\/05\/02.12.10-Sony-035-150x150.jpg","contentUrl":"http:\/\/deportesycomunicacion.com\/wp-content\/uploads\/2013\/05\/02.12.10-Sony-035-150x150.jpg"},{"@type":"BreadcrumbList","@id":"https:\/\/deportesycomunicacion.com\/?page_id=9#breadcrumb","itemListElement":[{"@type":"ListItem","position":1,"name":"Portada","item":"https:\/\/deportesycomunicacion.com\/"},{"@type":"ListItem","position":2,"name":"\u00bfPOR QU\u00c9 DEPORTES Y COMUNICACI\u00d3N?"}]},{"@type":"WebSite","@id":"https:\/\/deportesycomunicacion.com\/#website","url":"https:\/\/deportesycomunicacion.com\/","name":"Deportes y Comunicaci\u00f3n","description":"Powered by Ivan Ferrer","publisher":{"@id":"https:\/\/deportesycomunicacion.com\/#organization"},"potentialAction":[{"@type":"SearchAction","target":{"@type":"EntryPoint","urlTemplate":"https:\/\/deportesycomunicacion.com\/?s={search_term_string}"},"query-input":{"@type":"PropertyValueSpecification","valueRequired":true,"valueName":"search_term_string"}}],"inLanguage":"es"},{"@type":"Organization","@id":"https:\/\/deportesycomunicacion.com\/#organization","name":"Deportes y Comunicaci\u00f3n","url":"https:\/\/deportesycomunicacion.com\/","logo":{"@type":"ImageObject","inLanguage":"es","@id":"https:\/\/deportesycomunicacion.com\/#\/schema\/logo\/image\/","url":"https:\/\/deportesycomunicacion.com\/wp-content\/uploads\/2013\/05\/cropped-Logo-Deportes-Comunicacion.jpg","contentUrl":"https:\/\/deportesycomunicacion.com\/wp-content\/uploads\/2013\/05\/cropped-Logo-Deportes-Comunicacion.jpg","width":300,"height":65,"caption":"Deportes y Comunicaci\u00f3n"},"image":{"@id":"https:\/\/deportesycomunicacion.com\/#\/schema\/logo\/image\/"},"sameAs":["https:\/\/www.facebook.com\/ivan.ferrercayuela","https:\/\/x.com\/IFC1976"]}]}},"_links":{"self":[{"href":"https:\/\/deportesycomunicacion.com\/index.php?rest_route=\/wp\/v2\/pages\/9","targetHints":{"allow":["GET"]}}],"collection":[{"href":"https:\/\/deportesycomunicacion.com\/index.php?rest_route=\/wp\/v2\/pages"}],"about":[{"href":"https:\/\/deportesycomunicacion.com\/index.php?rest_route=\/wp\/v2\/types\/page"}],"author":[{"embeddable":true,"href":"https:\/\/deportesycomunicacion.com\/index.php?rest_route=\/wp\/v2\/users\/2"}],"replies":[{"embeddable":true,"href":"https:\/\/deportesycomunicacion.com\/index.php?rest_route=%2Fwp%2Fv2%2Fcomments&post=9"}],"version-history":[{"count":42,"href":"https:\/\/deportesycomunicacion.com\/index.php?rest_route=\/wp\/v2\/pages\/9\/revisions"}],"predecessor-version":[{"id":3953,"href":"https:\/\/deportesycomunicacion.com\/index.php?rest_route=\/wp\/v2\/pages\/9\/revisions\/3953"}],"wp:attachment":[{"href":"https:\/\/deportesycomunicacion.com\/index.php?rest_route=%2Fwp%2Fv2%2Fmedia&parent=9"}],"curies":[{"name":"wp","href":"https:\/\/api.w.org\/{rel}","templated":true}]}}